{"id":3,"date":"2025-11-29T18:33:48","date_gmt":"2025-11-29T17:33:48","guid":{"rendered":"https:\/\/pixelliberty.hu\/?page_id=3"},"modified":"2025-12-15T15:08:40","modified_gmt":"2025-12-15T14:08:40","slug":"adatkezelesi-tajekoztato","status":"publish","type":"page","link":"https:\/\/pixelliberty.hu\/?page_id=3","title":{"rendered":"Adatkezel\u00e9si t\u00e1j\u00e9koztat\u00f3"},"content":{"rendered":"\n<h1 class=\"wp-block-heading\">Adatkezel\u00e9si t\u00e1j\u00e9koztat\u00f3<\/h1>\n\n\n\n<p>T\u00e1j\u00e9koztat\u00e1sunk a&nbsp;<a href=\"https:\/\/pixelliberty.hu\/\">https:\/\/pixelliberty.hu<\/a>&nbsp;weboldal m\u0171k\u00f6d\u00e9s\u00e9vel kapcsolatos adatkezel\u00e9si tev\u00e9kenys\u00e9geinkre terjed ki.<\/p>\n\n\n\n<h2 class=\"wp-block-heading\">Az adatkezel\u0151<\/h2>\n\n\n\n<p>Neve: Flow-Wolf Informatikai Korl\u00e1tolt Felel\u0151ss\u00e9g\u0171 T\u00e1rsas\u00e1g (Flow-Wolf Kft.)<\/p>\n\n\n\n<p>El\u00e9rhet\u0151s\u00e9ge:&nbsp;<a href=\"mailto:info@simpleflow.hu\">info@simpleflow.hu<\/a><\/p>\n\n\n\n<p>K\u00e9pvisel\u0151 neve: Farkas-Gyovai M\u00f3nika \u00fcgyvezet\u0151<\/p>\n\n\n\n<p>Hivatalos levelez\u00e9si c\u00edm: 1031 Budapest, V\u00edzimoln\u00e1r utca 24. 3.8.<\/p>\n\n\n\n<p>Adatkezel\u0151 honlapj\u00e1nak c\u00edme:&nbsp;<a href=\"https:\/\/pixelliberty.hu\/\">https:\/\/pixelliberty.hu<\/a><\/p>\n\n\n\n<p>C\u00e9gjegyz\u00e9ksz\u00e1m: 01-09-920694<\/p>\n\n\n\n<p>Adatv\u00e9delmi tisztvisel\u0151 el\u00e9rhet\u0151s\u00e9ge<\/p>\n\n\n\n<p>Nem folytatunk olyan tev\u00e9kenys\u00e9get, amely indokoltt\u00e1 tenn\u00e9 adatv\u00e9delmi tisztvisel\u0151 alkalmaz\u00e1s\u00e1t.<\/p>\n\n\n\n<h2 class=\"wp-block-heading\">ADATKEZEL\u00c9SI TEV\u00c9KENYS\u00c9GEINK R\u00c9SZLETESEN<\/h2>\n\n\n\n<p>KAPCSOLATFELV\u00c9TEL TELEFONON &#8211; nyilv\u00e1nos telefonsz\u00e1munkon kereszt\u00fcl&nbsp;<a href=\"tel:+36305304375\">(+3630 530 4375)<\/a><\/p>\n\n\n\n<p>Adatkezel\u00e9s c\u00e9lja: kapcsolatfelv\u00e9teli lehet\u0151s\u00e9g biztos\u00edt\u00e1sa, t\u00e1j\u00e9koztat\u00e1s ny\u00fajt\u00e1sa a szolg\u00e1ltat\u00e1sainkr\u00f3l az \u00e9rdekl\u0151d\u0151knek, leend\u0151 partnereinknek telefonon.<\/p>\n\n\n\n<p>Az adatkezel\u00e9s jogalapja: GDPR 6. cikk 1. bekezd\u00e9s a) pont &#8211; az \u00e9rintett hozz\u00e1j\u00e1rul\u00e1sa.<\/p>\n\n\n\n<p>elefonh\u00edv\u00e1sa sor\u00e1n megismerj\u00fck a k\u00f6vetkez\u0151 szem\u00e9lyes adatok kateg\u00f3ri\u00e1kat: h\u00edv\u00f3 neve, telefonsz\u00e1ma.<\/p>\n\n\n\n<p>A szem\u00e9lyes adatok forr\u00e1sa: minden esetben a h\u00edv\u00f3 f\u00e9l bocs\u00e1tja rendelkez\u00e9s\u00fcnkre a szem\u00e9lyes adatokat.<\/p>\n\n\n\n<p>C\u00edmzettek: a szem\u00e9lyes adatokat nem tov\u00e1bb\u00edtjuk m\u00e1s szem\u00e9lynek, azokat kiz\u00e1r\u00f3lag az adatkezel\u0151 \u00e9s a munkat\u00e1rsai ismerik meg.<\/p>\n\n\n\n<p>A szem\u00e9lyes adatok t\u00e1rol\u00e1s\u00e1nak id\u0151tartama: hozz\u00e1j\u00e1rul\u00e1s visszavon\u00e1s\u00e1ig, a h\u00edv\u00e1slist\u00e1ban 1 h\u00f3napig t\u00e1rol\u00f3dnak a telefonsz\u00e1mok.<\/p>\n\n\n\n<p>Hozz\u00e1j\u00e1rul\u00e1s visszavon\u00e1sa: hozz\u00e1j\u00e1rul\u00e1s\u00e1t b\u00e1rmikor visszavonhatja egy \u00fczenettel, amelyet az\u00a0<a href=\"mailto:pixelliberty\">pixel@pixelliberty.hu<\/a>\u00a0e-mail c\u00edmre v\u00e1runk, ebben az esetben halad\u00e9ktalanul t\u00f6r\u00f6lni fogjuk a telefonsz\u00e1m\u00e1t. Egyszeri h\u00edv\u00e1sokat nem rendel\u00fcnk n\u00e9vhez. A hozz\u00e1j\u00e1rul\u00e1s visszavon\u00e1s\u00e1t megel\u0151z\u0151 adatkezel\u00e9s\u00fcnk jogszer\u0171nek tekinthet\u0151.<\/p>\n\n\n\n<h2 class=\"wp-block-heading\">KAPCSOLATFELV\u00c9TEL E-MAILEN<\/h2>\n\n\n\n<p>Az e-mailen k\u00fcld\u00f6tt \u00fczenetek minden esetben az\u00a0<a href=\"mailto:pixelliberty\">pixel@pixelliberty.hu<\/a>\u00a0e-mail c\u00edmre \u00e9rkeznek.<\/p>\n\n\n\n<p>Adatkezel\u00e9s c\u00e9lja: kapcsolatfelv\u00e9teli lehet\u0151s\u00e9g biztos\u00edt\u00e1sa, t\u00e1j\u00e9koztat\u00e1s ny\u00fajt\u00e1sa elektronikus lev\u00e9lben a szolg\u00e1ltat\u00e1saink ir\u00e1nt \u00e9rdekl\u0151d\u0151knek, leend\u0151 partnereinknek.<\/p>\n\n\n\n<p>Az adatkezel\u00e9s jogalapja: GDPR 6. cikk 1. bekezd\u00e9s a) pont &#8211; az \u00e9rintett hozz\u00e1j\u00e1rul\u00e1sa.\u00dczenet\u00e9b\u0151l megismerj\u00fck a k\u00f6vetkez\u0151 szem\u00e9lyes adatok kateg\u00f3ri\u00e1kat: \u00fczenetk\u00fcld\u0151 neve, e-mail c\u00edme, \u00fczenet\u00e9nek tartalma.<\/p>\n\n\n\n<p>A szem\u00e9lyes adatok forr\u00e1sa: minden esetben az \u00fczenetet k\u00fcld\u0151 szem\u00e9ly bocs\u00e1tja rendelkez\u00e9s\u00fcnkre a szem\u00e9lyes adatokat.<\/p>\n\n\n\n<p>C\u00edmzettek: az e-mail szolg\u00e1ltat\u00f3nk rendszer\u00e9ben az adatkezel\u00e9s id\u0151tartama alatt meg\u0151rz\u00e9sre ker\u00fclnek az \u00fczenetek.<\/p>\n\n\n\n<p>A szem\u00e9lyes adatok t\u00e1rol\u00e1s\u00e1nak id\u0151tartama: hozz\u00e1j\u00e1rul\u00e1s visszavon\u00e1sa. A levelez\u00e9seket t\u00f6r\u00f6lni fogjuk akkor is, ha az \u00e9rintett nem vonta vissza a hozz\u00e1j\u00e1rul\u00e1s\u00e1t, de az adatkezel\u00e9si c\u00e9l megval\u00f3sult (pl. megv\u00e1laszoltuk a k\u00e9rd\u00e9st). Ezen k\u00edv\u00fcl levelez\u0151rendszer\u00fcnket minden \u00e9v janu\u00e1rj\u00e1ban \u00e1tn\u00e9zz\u00fck \u00e9s legk\u00e9s\u0151bb ekkor t\u00f6rl\u00e9sre ker\u00fcl valamennyi \u00fczenet, amelyet nem kezelhet\u00fcnk tov\u00e1bb, mert az adatkezel\u00e9si c\u00e9l megval\u00f3sult.<\/p>\n\n\n\n<p>Hozz\u00e1j\u00e1rul\u00e1s visszavon\u00e1sa: hozz\u00e1j\u00e1rul\u00e1s\u00e1t b\u00e1rmikor visszavonhatja egy \u00fczenettel, amelyet az info@simpleflow.hu e-mail c\u00edmre v\u00e1runk, ebben az esetben halad\u00e9ktalanul t\u00f6r\u00f6lni fogjuk az e-mailt. A hozz\u00e1j\u00e1rul\u00e1s visszavon\u00e1s\u00e1t megel\u0151z\u0151 adatkezel\u00e9s\u00fcnk jogszer\u0171nek tekinthet\u0151.<\/p>\n\n\n\n<h2 class=\"wp-block-heading\">KAPCSOLATFELV\u00c9TEL \u0170RLAPON KERESZT\u00dcL<\/h2>\n\n\n\n<p>Adatkezel\u00e9s c\u00e9lja: kapcsolatfelv\u00e9teli lehet\u0151s\u00e9g biztos\u00edt\u00e1sa, t\u00e1j\u00e9koztat\u00e1s ny\u00fajt\u00e1sa \u0170rlapon kereszt\u00fcl a szolg\u00e1ltat\u00e1saink ir\u00e1nt \u00e9rdekl\u0151d\u0151knek, leend\u0151 partnereinknek.<\/p>\n\n\n\n<p>Az adatkezel\u00e9s jogalapja: GDPR 6. cikk 1. bekezd\u00e9s a) pont &#8211; az \u00e9rintett hozz\u00e1j\u00e1rul\u00e1sa.\u00dczenet\u00e9b\u0151l megismerj\u00fck a k\u00f6vetkez\u0151 szem\u00e9lyes adatok kateg\u00f3ri\u00e1kat: \u00fczenetk\u00fcld\u0151 neve, e-mail c\u00edme, telefonsz\u00e1ma, v\u00e1llalkoz\u00e1s\u00e1nak neve, \u00fczenet\u00e9nek tartalma.<\/p>\n\n\n\n<p>A szem\u00e9lyes adatok forr\u00e1sa: minden esetben az \u00fczenetet k\u00fcld\u0151 szem\u00e9ly bocs\u00e1tja rendelkez\u00e9s\u00fcnkre a szem\u00e9lyes adatokat.<\/p>\n\n\n\n<p>C\u00edmzettek: az e-mail szolg\u00e1ltat\u00f3nk rendszer\u00e9ben az adatkezel\u00e9s id\u0151tartama alatt meg\u0151rz\u00e9sre ker\u00fclnek az \u00fczenetek.<\/p>\n\n\n\n<p>A szem\u00e9lyes adatok t\u00e1rol\u00e1s\u00e1nak id\u0151tartama: hozz\u00e1j\u00e1rul\u00e1s visszavon\u00e1sa. A levelez\u00e9seket t\u00f6r\u00f6lni fogjuk akkor is, ha az \u00e9rintett nem vonta vissza a hozz\u00e1j\u00e1rul\u00e1s\u00e1t, de az adatkezel\u00e9si c\u00e9l megval\u00f3sult (pl. megv\u00e1laszoltuk a k\u00e9rd\u00e9st). Ezen k\u00edv\u00fcl levelez\u0151rendszer\u00fcnket minden \u00e9v janu\u00e1rj\u00e1ban \u00e1tn\u00e9zz\u00fck \u00e9s legk\u00e9s\u0151bb ekkor t\u00f6rl\u00e9sre ker\u00fcl valamennyi \u00fczenet, amelyet nem kezelhet\u00fcnk tov\u00e1bb, mert az adatkezel\u00e9si c\u00e9l megval\u00f3sult.<\/p>\n\n\n\n<p>Hozz\u00e1j\u00e1rul\u00e1s visszavon\u00e1sa: hozz\u00e1j\u00e1rul\u00e1s\u00e1t b\u00e1rmikor visszavonhatja egy \u00fczenettel, amelyet az virtualisasszisztencia@simpleflow.hu e-mail c\u00edmre v\u00e1runk, ebben az esetben halad\u00e9ktalanul t\u00f6r\u00f6lni fogjuk az \u00fczenetet. A hozz\u00e1j\u00e1rul\u00e1s visszavon\u00e1s\u00e1t megel\u0151z\u0151 adatkezel\u00e9s\u00fcnk jogszer\u0171nek tekinthet\u0151.<\/p>\n\n\n\n<h2 class=\"wp-block-heading\">SZ\u00c1ML\u00c1Z\u00c1S<\/h2>\n\n\n\n<p>Adatkezel\u00e9s c\u00e9lja: sz\u00e1ml\u00e1z\u00e1si k\u00f6telezetts\u00e9g\u00fcnk teljes\u00edt\u00e9se.<\/p>\n\n\n\n<p>Az adatkezel\u00e9s jogalapja: GDPR 6. cikk 1. bekezd\u00e9s c) pont &#8211; jogi k\u00f6telezetts\u00e9g. El\u0151\u00edr\u00f3 jogszab\u00e1lyok: a sz\u00e1mvitelr\u0151l sz\u00f3l\u00f3 2000. \u00e9vi C. tv. 169.\u00a7 (2) bekezd\u00e9s (bizonylatok meg\u0151rz\u00e9si hat\u00e1rideje) \u00e9s az \u00e1ltal\u00e1nos forgalmi ad\u00f3r\u00f3l sz\u00f3l\u00f3 2007. \u00e9vi CXXVII. tv. 169. \u00a7 e) pont (sz\u00e1mla k\u00f6telez\u0151 elemei). A kezelt szem\u00e9lyes adatok kateg\u00f3ri\u00e1i: sz\u00e1ml\u00e1z\u00e1si n\u00e9v, sz\u00e1ml\u00e1z\u00e1si c\u00edm, e-mail c\u00edm (ha partner\u00fcnk e-mailen is k\u00e9ri a sz\u00e1mla kik\u00fcld\u00e9s\u00e9t).<\/p>\n\n\n\n<p>A szem\u00e9lyes adatok forr\u00e1sa: minden esetben a megrendel\u0151 bocs\u00e1tja rendelkez\u00e9s\u00fcnkre a szem\u00e9lyes adatokat.<\/p>\n\n\n\n<p>C\u00edmzettek: a k\u00f6nyvel\u0151nk megismeri valamennyi sz\u00e1ml\u00e1nk adattartalm\u00e1t. A sz\u00e1ml\u00e1z\u00e1shoz felh\u0151 alap\u00fa szoftvert haszn\u00e1lunk, amelynek a fel\u00fclet\u00e9n a ki\u00e1ll\u00edtott sz\u00e1ml\u00e1ink meg\u0151rz\u00e9sre ker\u00fclnek a jogszab\u00e1lyban el\u0151\u00edrt adatkezel\u00e9si id\u0151tartamig.<\/p>\n\n\n\n<p>A szem\u00e9lyes adatok t\u00e1rol\u00e1s\u00e1nak id\u0151tartama: a ki\u00e1ll\u00edtott sz\u00e1ml\u00e1kat elektronikus \u00faton tov\u00e1bb\u00edtjuk a k\u00f6nyvel\u0151nk fel\u00e9, miut\u00e1n pdf-k\u00e9nt lementett\u00fck ezeket. Az \u00fczenetek \u00e9s a pdf mell\u00e9kletek, valamint a sz\u00e1ml\u00e1z\u00f3 programban a sz\u00e1ml\u00e1k m\u00e1solatai a sz\u00e1mla ki\u00e1ll\u00edt\u00e1s\u00e1nak \u00e9v\u00e9ben \u00e9s tov\u00e1bbi nyolc \u00e9vig ker\u00fclnek meg\u0151rz\u00e9sre.<\/p>\n\n\n\n<p>A szem\u00e9lyes adatok szolg\u00e1ltat\u00e1sa jogszab\u00e1lyon alapul, ezek elmarad\u00e1sa eset\u00e9n sz\u00e1ml\u00e1z\u00e1si k\u00f6telezetts\u00e9g\u00fcnket teljes\u00edteni nem tudjuk. Az adatok szolg\u00e1ltat\u00e1sa a felt\u00e9tele annak, hogy a sz\u00e1ml\u00e1nkat ki\u00e1ll\u00edtsuk, elmarad\u00e1sa eset\u00e9n a szerz\u0151d\u00e9s k\u00f6z\u00f6tt\u00fcnk nem j\u00f6het l\u00e9tre.<\/p>\n\n\n\n<h2 class=\"wp-block-heading\">SZOLG\u00c1LTAT\u00c1SUNK ELLEN\u00c9RT\u00c9K\u00c9NEK KIEGYENL\u00cdT\u00c9SE<\/h2>\n\n\n\n<p>Banki \u00e1tutal\u00e1ssal<\/p>\n\n\n\n<p>Adatkezel\u00e9s c\u00e9lja: szolg\u00e1ltat\u00e1sunk d\u00edj\u00e1nak az \u00e1tutal\u00e1sa, az \u00e1tutal\u00e1s beazonos\u00edt\u00e1sa.<\/p>\n\n\n\n<p>Az adatkezel\u00e9s jogalapja: GDPR 6. cikk 1. bekezd\u00e9s b) pont &#8211; szerz\u0151d\u00e9s teljes\u00edt\u00e9se.<\/p>\n\n\n\n<p>A kezelt szem\u00e9lyes adatok kateg\u00f3ri\u00e1i: \u00e1tutal\u00e1s eset\u00e9n: banksz\u00e1mlatulajdonos neve, banksz\u00e1mlasz\u00e1ma<\/p>\n\n\n\n<p>A szem\u00e9lyes adatok forr\u00e1sa: minden esetben a megrendel\u0151 bocs\u00e1tja rendelkez\u00e9s\u00fcnkre a szem\u00e9lyes adatokat.<\/p>\n\n\n\n<p>C\u00edmzettek: a bank elektronikus fel\u00fclet\u00e9n az \u00e1tutal\u00e1s adatai megismerhet\u0151k. A banksz\u00e1mlakivonatokat a k\u00f6nyvel\u0151nk fel\u00e9 tov\u00e1bb\u00edtjuk.<\/p>\n\n\n\n<p>A szem\u00e9lyes adatok t\u00e1rol\u00e1s\u00e1nak id\u0151tartama: a banksz\u00e1mlakivonatokat pap\u00edr alapon \u0151rizz\u00fck meg a ki\u00e1ll\u00edt\u00e1suk \u00e9v\u00e9ben \u00e9s tov\u00e1bbi nyolc \u00e9v (a sz\u00e1mviteli bizonylatokhoz megfelel\u0151en).<\/p>\n\n\n\n<h2 class=\"wp-block-heading\">H\u00cdRLEV\u00c9L K\u00dcLD\u00c9SE<\/h2>\n\n\n\n<p>Adatkezel\u00e9s c\u00e9lja: Szolg\u00e1ltat\u00e1saink n\u00e9pszer\u0171s\u00edt\u00e9se, r\u00f6vid h\u00edreink kik\u00fcld\u00e9se, \u00faj term\u00e9keink bemutat\u00e1sa az \u00f6nk\u00e9nt feliratkoz\u00f3k r\u00e9sz\u00e9re. Az adatkezel\u00e9s jogalapja: GDPR 6. cikk 1. bekezd\u00e9s a) pont &#8211; az \u00e9rintett hozz\u00e1j\u00e1rul\u00e1sa.<\/p>\n\n\n\n<p>Kezelt szem\u00e9lyes adatok: e-mail c\u00edm, n\u00e9v.<\/p>\n\n\n\n<p>A szem\u00e9lyes adatok forr\u00e1sa: minden esetben a feliratkoz\u00f3 bocs\u00e1tja rendelkez\u00e9s\u00fcnkre a szem\u00e9lyes adatokat.<\/p>\n\n\n\n<p>C\u00edmzettek: a szem\u00e9lyes adatokat nem tov\u00e1bb\u00edtjuk m\u00e1s szem\u00e9lynek, azokat kiz\u00e1r\u00f3lag az adatkezel\u0151 \u00e9s a munkat\u00e1rsai ismerik meg.<\/p>\n\n\n\n<p>A szem\u00e9lyes adatok t\u00e1rol\u00e1s\u00e1nak id\u0151tartama: hozz\u00e1j\u00e1rul\u00e1s visszavon\u00e1s\u00e1ig, leiratkoz\u00e1sig.<\/p>\n\n\n\n<p>Hozz\u00e1j\u00e1rul\u00e1s visszavon\u00e1sa: hozz\u00e1j\u00e1rul\u00e1s\u00e1t b\u00e1rmikor visszavonhatja ha a \u201eleiratkozom\u201d gombra kattint, amelyet minden h\u00edrlev\u00e9l v\u00e9g\u00e9n elhelyez\u00fcnk. A hozz\u00e1j\u00e1rul\u00e1s visszavon\u00e1s\u00e1t megel\u0151z\u0151 adatkezel\u00e9s\u00fcnk jogszer\u0171nek tekinthet\u0151.<\/p>\n\n\n\n<h2 class=\"wp-block-heading\">SZAKMAI \u00c9S \u00dcZLETI KAPCSOLATTART\u00d3I ADATOK KEZEL\u00c9SE<\/h2>\n\n\n\n<p>Adatkezel\u00e9s c\u00e9lja: szakmai \u00e9s \u00fczleti kapcsolattart\u00e1s azokkal a term\u00e9szetes szem\u00e9lyekkel, akikkel nem \u00e1llunk szerz\u0151d\u00e9sben, illetve a szerz\u0151d\u00e9sekben kijel\u00f6lt kapcsolattart\u00f3kkal.<\/p>\n\n\n\n<p>Az adatkezel\u00e9s jogalapja: GDPR 6. cikk 1. bekezd\u00e9s f) pont &#8211; jogos \u00e9rdek.<\/p>\n\n\n\n<p>Jogos \u00e9rdek: bels\u0151 inform\u00e1ci\u00f3s rendszer kialak\u00edt\u00e1sa.<\/p>\n\n\n\n<p>A kezelt szem\u00e9lyes adatok kateg\u00f3ri\u00e1i: a term\u00e9szetes szem\u00e9ly neve, munkahelyi c\u00edme, telefonsz\u00e1ma, e-mail c\u00edme, foglalkoz\u00e1sa.<\/p>\n\n\n\n<p>A szem\u00e9lyes adatok forr\u00e1sa: k\u00f6zvetlen\u00fcl az \u00e9rintett (esetleg a munk\u00e1ltat\u00f3ja) bocs\u00e1tja rendelkez\u00e9s\u00fcnkre vagy az \u00e9rintett \u00e1ltal \u00fczemeltetett honlapr\u00f3l nyerj\u00fck a nyilv\u00e1nos kapcsolati adatok k\u00f6z\u00fcl.<\/p>\n\n\n\n<p>C\u00edmzettek: a szem\u00e9lyes adatokat nem tov\u00e1bb\u00edtjuk m\u00e1s szem\u00e9lynek, azokat kiz\u00e1r\u00f3lag az adatkezel\u0151 \u00e9s a munkat\u00e1rsai ismerik meg.<\/p>\n\n\n\n<p>A szem\u00e9lyes adatok t\u00e1rol\u00e1s\u00e1nak id\u0151tartama: tiltakoz\u00e1sig, adatb\u00e1zisunkat fel\u00fclvizsg\u00e1ljuk minden \u00e9v janu\u00e1rj\u00e1ban.<\/p>\n\n\n\n<h2 class=\"wp-block-heading\">SZERVER NAPL\u00d3Z\u00c1S<\/h2>\n\n\n\n<p>Adatkezel\u00e9s c\u00e9lja: a honlap l\u00e1togat\u00e1sa sor\u00e1n a szolg\u00e1ltat\u00e1sok m\u0171k\u00f6d\u00e9s\u00e9nek ellen\u0151rz\u00e9se, a szem\u00e9lyre szabott kiszolg\u00e1l\u00e1s \u00e9s a vissza\u00e9l\u00e9sek megakad\u00e1lyoz\u00e1sa \u00e9rdek\u00e9ben a l\u00e1togat\u00f3i adatok r\u00f6gz\u00edt\u00e9se.<\/p>\n\n\n\n<p>Az adatkezel\u00e9s jogalapja: GDPR 6. cikk 1. bekezd\u00e9s f) pont \u2013 jogos \u00e9rdek.<\/p>\n\n\n\n<p>Jogos \u00e9rdek: vissza\u00e9l\u00e9sek megel\u0151z\u00e9se, \u00fczemszer\u0171 m\u0171k\u00f6d\u00e9se ellen\u0151rz\u00e9se.<\/p>\n\n\n\n<p>A kezelt szem\u00e9lyes adatok kateg\u00f3ri\u00e1i: l\u00e1togat\u00f3 IP c\u00edme, d\u00e1tum-id\u0151, felkeresett URL c\u00edm, Referrer (melyik oldalr\u00f3l \u00e9rkezett), b\u00f6ng\u00e9sz\u0151 neve, verzi\u00f3ja, oper\u00e1ci\u00f3s rendszer \u00e9s az oldalon v\u00e9gzett tev\u00e9kenys\u00e9g.<\/p>\n\n\n\n<p>A szem\u00e9lyes adatok forr\u00e1sa: minden esetben a honlap l\u00e1togat\u00f3ja bocs\u00e1tja rendelkez\u00e9s\u00fcnkre a szem\u00e9lyes adatokat.<\/p>\n\n\n\n<p>C\u00edmzettek: a szem\u00e9lyes adatokat nem tov\u00e1bb\u00edtjuk m\u00e1s szem\u00e9lynek, azokat kiz\u00e1r\u00f3lag az adatkezel\u0151 \u00e9s a munkat\u00e1rsai ismerik meg.<\/p>\n\n\n\n<p>A szem\u00e9lyes adatok t\u00e1rol\u00e1s\u00e1nak id\u0151tartama: tiltakoz\u00e1sig, legfeljebb az automatikus t\u00f6rl\u00e9sig (30 napig).<\/p>\n\n\n\n<h2 class=\"wp-block-heading\">ARCHIV\u00c1L\u00c1S<\/h2>\n\n\n\n<p>Adatkezel\u00e9s c\u00e9lja: biztons\u00e1gi m\u00e1solat k\u00e9sz\u00edt\u00e9se a dokumentumainkr\u00f3l \u00e9s az adatb\u00e1zisainkr\u00f3l.<\/p>\n\n\n\n<p>Az adatkezel\u00e9s jogalapja: GDPR 6. cikk 1. bekezd\u00e9s f) pont \u2013 jogos \u00e9rdek.<\/p>\n\n\n\n<p>Jogos \u00e9rdek: adatb\u00e1zisok v\u00e9delme, adatveszt\u00e9s megel\u0151z\u00e9se.<\/p>\n\n\n\n<p>A kezelt szem\u00e9lyes adatok kateg\u00f3ri\u00e1i: szerver\u00fcnk teljes tartalma, bele\u00e9rtve valamennyi szem\u00e9lyes adatkateg\u00f3ri\u00e1t, amelyet fent felsoroltunk (n\u00e9v, e-mail c\u00edme, telefonsz\u00e1ma, \u00fczenetei, kapcsolattart\u00f3k adatai, sz\u00e1ml\u00e1z\u00e1si adatok).<\/p>\n\n\n\n<p>A szem\u00e9lyes adatok forr\u00e1sa: saj\u00e1t szerver\u00fcnk.<\/p>\n\n\n\n<p>C\u00edmzettek: a szem\u00e9lyes adatokat nem tov\u00e1bb\u00edtjuk m\u00e1s szem\u00e9lynek, azokat kiz\u00e1r\u00f3lag az adatkezel\u0151 \u00e9s a munkat\u00e1rsai ismerik meg.<\/p>\n\n\n\n<p>A szem\u00e9lyes adatok t\u00e1rol\u00e1s\u00e1nak id\u0151tartama: a felt\u00f6lt\u00f6tt file-ok \u00f3r\u00e1nk\u00e9nt ker\u00fclnek ment\u00e9sre \u00e9s t\u00f6rl\u00e9sre. Az adatb\u00e1zis naponta ker\u00fcl ment\u00e9sre, \u00e9s havonta ker\u00fcl t\u00f6rl\u00e9sre a kor\u00e1bbi ment\u00e9s.<\/p>\n\n\n\n<h2 class=\"wp-block-heading\">S\u00dcTIK KEZEL\u00c9SE<\/h2>\n\n\n\n<p>A s\u00fcti (cookie) egy kis f\u00e1jl, amely akkor ker\u00fcl a sz\u00e1m\u00edt\u00f3g\u00e9pre, amikor egy webhelyet l\u00e1togat meg. A s\u00fctik sz\u00e1mtalan funkci\u00f3val rendelkeznek. T\u00f6bbek k\u00f6z\u00f6tt inform\u00e1ci\u00f3t gy\u0171jtenek, megjegyzik a l\u00e1togat\u00f3 egy\u00e9ni be\u00e1ll\u00edt\u00e1sait, \u00e9s \u00e1ltal\u00e1noss\u00e1gban megk\u00f6nny\u00edtik a weboldal haszn\u00e1lat\u00e1t a felhaszn\u00e1l\u00f3k sz\u00e1m\u00e1ra.<\/p>\n\n\n\n<p>Oldalunkon a k\u00f6vetkez\u0151 s\u00fctiket haszn\u00e1ljuk:<\/p>\n\n\n\n<h2 class=\"wp-block-heading\">LOUDFLARE (szolg\u00e1ltat\u00f3: cloudflare.com; t\u00edpusa: http; forr\u00e1s:C https:\/\/support.cloudflare.com\/hc\/en-us\/articles\/200170156-Understanding-the-Cloudflare-Cookies)<\/h2>\n\n\n\n<p>A s\u00fctik haszn\u00e1lat\u00e1nak az oka: k\u00e9nyelmi s\u00fctik, az oldal gyorsabb bet\u00f6lt\u00e9s\u00e9t \u00e9rhetj\u00fck el a haszn\u00e1latukkal, nem k\u00f6telez\u0151 elfogadni a haszn\u00e1latukat).<\/p>\n\n\n\n<figure class=\"wp-block-table\"><table class=\"has-fixed-layout\"><thead><tr><th>Cookie neve<\/th><th>Cookie le\u00edr\u00e1sa \u00e9s c\u00e9lja<\/th><th>Mennyi ideig t\u00e1rol\u00f3dik az eszk\u00f6z\u00f6n?<\/th><\/tr><\/thead><tbody><tr><td><code>_cfduid<\/code><\/td><td>A cfduid s\u00fctit az egyes \u00fcgyfelek azonos\u00edt\u00e1s\u00e1ra haszn\u00e1lja egy megosztott IP-c\u00edm m\u00f6g\u00f6tt, \u00e9s ez alapj\u00e1n \u00fcgyfelenk\u00e9nti biztons\u00e1gi be\u00e1ll\u00edt\u00e1sok be\u00e1ll\u00edt\u00e1s\u00e1ra. Nem t\u00e1rol semmilyen szem\u00e9lyazonos\u00edt\u00e1sra alkalmas inform\u00e1ci\u00f3t.<\/td><td>1 \u00e9v<\/td><\/tr><tr><td><code>_cflb<\/code><\/td><td>Amikor enged\u00e9lyezi a munkamenet affinit\u00e1s\u00e1t a Cloudflare Load Balancer seg\u00edts\u00e9g\u00e9vel, a Cloudflare egy&nbsp;<code>_cflb<\/code>&nbsp;cookie-t \u00e1ll\u00edt be egyedi \u00e9rt\u00e9kkel az els\u0151 v\u00e1laszban a k\u00e9relmez\u0151 \u00fcgyf\u00e9llel. A Cloudflare a j\u00f6v\u0151beli k\u00e9r\u00e9seket ugyanarra az eredetre tov\u00e1bb\u00edtja, optimaliz\u00e1lva a h\u00e1l\u00f3zati er\u0151forr\u00e1sok felhaszn\u00e1l\u00e1s\u00e1t. Feladat\u00e1tv\u00e9tel eset\u00e9n a Cloudflare \u00faj&nbsp;<code>_cflb<\/code>&nbsp;cookie-t \u00e1ll\u00edt be a j\u00f6v\u0151beli k\u00e9relmeknek a feladat\u00e1tv\u00e9teli k\u00e9szletbe ir\u00e1ny\u00edt\u00e1s\u00e1hoz.<\/td><td>Ameddig a b\u00f6ng\u00e9sz\u0151 nyitva van<\/td><\/tr><tr><td><code>_cf_bm<\/code><\/td><td>A&nbsp;<code>_cf_bm<\/code>&nbsp;cookie t\u00e1mogatja a Cloudflare Bot Management szolg\u00e1ltat\u00e1st az\u00e1ltal, hogy kezeli a bej\u00f6v\u0151 forgalmat, amely megfelel a robotokhoz t\u00e1rs\u00edtott felt\u00e9teleknek. A s\u00fcti nem gy\u0171jt semmilyen szem\u00e9lyes adatot, \u00e9s minden \u00f6sszegy\u0171jt\u00f6tt inform\u00e1ci\u00f3 egyir\u00e1ny\u00fa titkos\u00edt\u00e1snak van kit\u00e9ve. Ez a titkos\u00edtott f\u00e1jl tartalmazza a Cloudflare szabadalmaztatott bot pontj\u00e1t, \u00e9s seg\u00edt kezelni a bej\u00f6v\u0151 forgalmat, amely megfelel a meghat\u00e1rozott krit\u00e9riumoknak.<\/td><td>Ameddig a b\u00f6ng\u00e9sz\u0151 nyitva van \/ max 30 perc<\/td><\/tr><\/tbody><\/table><\/figure>\n\n\n\n<h2 class=\"wp-block-heading\">GOOGLE ANALYTICS (szolg\u00e1ltat\u00f3: google.com; t\u00edpusa: http; forr\u00e1s: https:\/\/policies.google.com\/privacy)<\/h2>\n\n\n\n<figure class=\"wp-block-table\"><table class=\"has-fixed-layout\"><thead><tr><th>Cookie neve<\/th><th>Cookie le\u00edr\u00e1sa \u00e9s c\u00e9lja<\/th><th>Mennyi ideig t\u00e1rol\u00f3dik az eszk\u00f6z\u00f6n?<\/th><\/tr><\/thead><tbody><tr><td><code>1P_JAR<\/code><\/td><td>Ez a cookie gy\u0171jti a&nbsp;<strong>weboldal<\/strong>&nbsp;statisztik\u00e1kat \u00e9s m\u00e9ri a konverzi\u00f3kat a google.com adatv\u00e9delmi nyilatkozata szerint.<\/td><td><strong>1 \u00e9v<\/strong><\/td><\/tr><tr><td><code>ANID<\/code><\/td><td>Ezeket a s\u00fctiket a Google arra haszn\u00e1lja, hogy a&nbsp;<strong>hirdet\u00e9seket vonz\u00f3bb\u00e1<\/strong>&nbsp;tegye a felhaszn\u00e1l\u00f3k sz\u00e1m\u00e1ra.<\/td><td>10 \u00e9v<\/td><\/tr><tr><td><code>CONSENT<\/code><\/td><td>Ezeket a s\u00fctiket a Google Maps alkalmazza \u00e9s haszn\u00e1lja.<\/td><td>10 \u00e9v<\/td><\/tr><tr><td><code>NID<\/code><\/td><td>Egy egyedi azonos\u00edt\u00f3t k\u00e9sz\u00edt, amely a visszat\u00e9r\u0151 l\u00e1togat\u00f3kat m\u00e9ri. Ezzel pedig pontosan k\u00e9pes&nbsp;<strong>c\u00e9lzott hirdet\u00e9seket<\/strong>&nbsp;megjelen\u00edteni a felhaszn\u00e1l\u00f3nak.<\/td><td>6 h\u00f3nap<\/td><\/tr><tr><td><code>OGPC<\/code><\/td><td>Google \u00e1ltal haszn\u00e1lt s\u00fcti, melynek c\u00e9lja, hogy \u00e9rdekl\u0151d\u00e9si k\u00f6rnek megfelel\u0151 hirdet\u00e9seket&nbsp;<strong>jelentsen meg<\/strong>&nbsp;a felhaszn\u00e1l\u00f3nak. Emellett korl\u00e1tozz\u00e1k a hirdet\u00e9sek&nbsp;<strong>megjelen\u00e9s\u00e9nek<\/strong>&nbsp;sz\u00e1m\u00e1t, \u00e9s seg\u00edtenek m\u00e9rni egy-egy hirdet\u00e9si kamp\u00e1ny hat\u00e9konys\u00e1g\u00e1t. \u00c1ltal\u00e1ban&nbsp;<strong>rekl\u00e1mh\u00e1l\u00f3zatok<\/strong>&nbsp;helyezik el a weboldalakon az \u00fczemeltet\u0151k enged\u00e9ly\u00e9vel.<\/td><td>1 h\u00f3nap<\/td><\/tr><\/tbody><\/table><\/figure>\n\n\n\n<h2 class=\"wp-block-heading\">MUNKAT\u00c1RSAINKON K\u00cdV\u00dcL KI ISMERI MEG A SZEM\u00c9LYES ADATOKAT<\/h2>\n\n\n\n<p>C\u00cdMZETTEK K\u00d6RE:BlazeArts Kft.<\/p>\n\n\n\n<p>Ell\u00e1tott tev\u00e9kenys\u00e9g: e-mail szolg\u00e1ltat\u00e1s.6090 Kunszentmikl\u00f3s, Damjanich u. 36. 1\/8 https:\/\/www.forpsi.hu\/Saj\u00e1t adatkezel\u00e9si t\u00e1j\u00e9koztat\u00e1sa: https:\/\/www.forpsi.hu\/ForpsiHU\/media\/Forpsi\/Documents\/tc-files\/Adatvedelmi-szabalyzat.pdf<\/p>\n\n\n\n<p>Magic-Number Kft.<\/p>\n\n\n\n<p>Ell\u00e1tott tev\u00e9kenys\u00e9g: k\u00f6nyvel\u00e9si szolg\u00e1ltat\u00e1s.<\/p>\n\n\n\n<p>1043 Budapest, Dugonics utca 11. 1\/27.<\/p>\n\n\n\n<p>vargazoltan@magicnumber.hu<\/p>\n\n\n\n<p><a href=\"http:\/\/magic-number.hu\" data-type=\"link\" data-id=\"http:\/\/magic-number.hu\">http:\/\/magic-number.hu<\/a><\/p>\n\n\n\n<p>InnVoice \u00dcgyviteli Szoftver Kft.<\/p>\n\n\n\n<p>Ell\u00e1tott tev\u00e9kenys\u00e9g: sz\u00e1ml\u00e1z\u00e1shoz fel\u00fclet biztos\u00edt\u00e1sa.<\/p>\n\n\n\n<p><a href=\"https:\/\/www.innvoice.hu\">https:\/\/www.innvoice.hu<\/a><\/p>\n\n\n\n<p>hello@innvoice.hu<\/p>\n\n\n\n<p>Saj\u00e1t adatkezel\u00e9si t\u00e1j\u00e9koztat\u00e1sa:<\/p>\n\n\n\n<p><a href=\"https:\/\/www.innvoice.hu\/adatvedelmi-nyilatkozat\">https:\/\/www.innvoice.hu\/adatvedelmi-nyilatkozat<\/a><\/p>\n\n\n\n<p>CIB Bank Zrt.<\/p>\n\n\n\n<p>Ell\u00e1tott tev\u00e9kenys\u00e9g: elektronikus banki fel\u00fclet biztos\u00edt\u00e1sa, havi banksz\u00e1mlakivonatok el\u0151\u00e1ll\u00edt\u00e1sa.<\/p>\n\n\n\n<p>cib@cib.hu<\/p>\n\n\n\n<p><a href=\"https:\/\/www.cib.hu\">https:\/\/www.cib.hu<\/a><\/p>\n\n\n\n<p>Saj\u00e1t adatkezel\u00e9si t\u00e1j\u00e9koztat\u00e1sa:<\/p>\n\n\n\n<p>https:\/\/net.cib.hu\/system\/fileserver?file=\/Nyomtatvanyok\/adatvedelmi_szabalyzat_180525_0524.pdf&amp;type=related Adattov\u00e1bb\u00edt\u00e1s harmadik orsz\u00e1gba vagy nemzetk\u00f6zi szervezet r\u00e9sz\u00e9re Harmadik orsz\u00e1gba vagy nemzetk\u00f6zi szervezet r\u00e9sz\u00e9re nem tov\u00e1bb\u00edtunk szem\u00e9lyes adatot.<\/p>\n\n\n\n<h2 class=\"wp-block-heading\">JOGOK BIZTOS\u00cdT\u00c1SA<\/h2>\n\n\n\n<p>Az adatkezel\u00e9s teljes id\u0151tartama alatt \u00e9lhetnek a honlap l\u00e1togat\u00f3i, megrendel\u0151ink \u00e9s a szolg\u00e1ltat\u00e1saink ir\u00e1nt \u00e9rdekl\u0151d\u00f6k a k\u00f6vetkez\u0151 jogosults\u00e1gokkal:Hozz\u00e1f\u00e9r\u00e9s a szem\u00e9lyes adatokhoz<\/p>\n\n\n\n<ul class=\"wp-block-list\">\n<li><strong>Hozz\u00e1f\u00e9r\u00e9s a szem\u00e9lyes adatokhoz:<\/strong>&nbsp;Az \u00e9rintettek jogosultak visszajelz\u00e9st k\u00e9rni arra vonatkoz\u00f3an, hogy szem\u00e9lyes adataik kezel\u00e9se folyamatban van-e. Ilyen k\u00e9r\u00e9s eset\u00e9n t\u00e1j\u00e9koztat\u00e1st ny\u00fajtunk, mi\u00e9rt kezelj\u00fck ezeket, milyen adatokat kezel\u00fcnk, kinek adjuk \u00e1t, meddig t\u00e1roljuk, milyen egy\u00e9b jogokat biztos\u00edtunk, hol lehets\u00e9ges panaszt tenni stb.<\/li>\n\n\n\n<li><strong>Helyesb\u00edt\u00e9shez val\u00f3 jog:<\/strong>&nbsp;Az \u00e9rintett jogosult arra, hogy helyesb\u00edts\u00fck a r\u00e1 vonatkoz\u00f3 pontatlan szem\u00e9lyes adatokat. Figyelembe v\u00e9ve az adatkezel\u00e9s c\u00e9lj\u00e1t, k\u00e9rhet\u0151 a hi\u00e1nyos szem\u00e9lyes adatok kieg\u00e9sz\u00edt\u00e9se. A helyesb\u00edt\u00e9sr\u0151l minden olyan c\u00edmzettet t\u00e1j\u00e9koztatnunk kell, akivel a szem\u00e9lyes adatot k\u00f6z\u00f6lt\u00fck, kiv\u00e9ve, ha ez lehetetlen vagy ar\u00e1nytalanul nagy er\u0151fesz\u00edt\u00e9st ig\u00e9nyel. Az \u00e9rintettet k\u00e9r\u00e9s\u00e9re t\u00e1j\u00e9koztatjuk a c\u00edmzettekr\u0151l. T\u00e1j\u00e9koztatjuk az \u00e9rintetteket, hogy rendelkez\u00e9si joguk korl\u00e1tlan a fel\u00fcleten. \u00d6n\u00e1ll\u00f3an m\u00f3dos\u00edthatj\u00e1k a r\u00f6gz\u00edtett szem\u00e9lyes adataikat.<\/li>\n\n\n\n<li><strong>Szem\u00e9lyes adatok t\u00f6rl\u00e9s\u00e9hez (az \u201eelfeledtet\u00e9shez\u201d) val\u00f3 jog:<\/strong>&nbsp;Indokolatlan k\u00e9sedelem n\u00e9lk\u00fcl t\u00f6r\u00f6lni fogjuk az \u00f6sszes szem\u00e9lyes adatot, ha a hozz\u00e1j\u00e1rul\u00e1s visszavon\u00e1sra ker\u00fclt a hozz\u00e1j\u00e1rul\u00e1son alapul\u00f3 adatkezel\u00e9s\u00fcnkh\u00f6z, vagy m\u00e1r nincs sz\u00fcks\u00e9g\u00fcnk az adatokra abb\u00f3l a c\u00e9lb\u00f3l, ami\u00e9rt elk\u00e9rt\u00fck. Ha az \u00e9rintett tiltakozik az adatkezel\u00e9s ellen \u00e9s nincs els\u0151bbs\u00e9get \u00e9lvez\u0151 jogszer\u0171 ok az adatkezel\u00e9sre, vagy jogellenesen kezelt\u00fcnk szem\u00e9lyes adatot, szint\u00e9n t\u00f6r\u00f6lni fogjuk. A t\u00f6rl\u00e9shez val\u00f3 jogot az \u00e9rintettek \u00f6n\u00e1ll\u00f3an is gyakorolhatj\u00e1k, a profiljuk t\u00f6rl\u00e9s\u00e9vel.<\/li>\n\n\n\n<li><strong>Szem\u00e9lyes adatok korl\u00e1toz\u00e1s\u00e1hoz val\u00f3 jog:<\/strong>&nbsp;Ha nem kezelj\u00fck pontosan a szem\u00e9lyes adatokat, k\u00e9rhet\u0151 a szem\u00e9lyes adatok korl\u00e1toz\u00e1sa, am\u00edg nem tiszt\u00e1zzuk a k\u00e9rd\u00e9st. Elk\u00e9pzelhetetlen, hogy jogalap n\u00e9lk\u00fcl kezelj\u00fcnk szem\u00e9lyes adatot, amennyiben m\u00e9gis ilyen hib\u00e1t k\u00f6vetn\u00e9nk el, t\u00f6rl\u00e9s helyett a korl\u00e1toz\u00e1s is k\u00e9rhet\u0151. El\u0151fordulhat, hogy t\u00f6r\u00f6lni szeretn\u00e9nk egy adatot, de az \u00e9rintettnek van r\u00e1 sz\u00fcks\u00e9ge, mert pl. jogi ig\u00e9nyei \u00e9rv\u00e9nyes\u00edt\u00e9s\u00e9hez haszn\u00e1ln\u00e1 fel. Ilyen esetben is k\u00e9rhet\u0151, hogy t\u00f6rl\u00e9s helyett korl\u00e1tozzuk a szem\u00e9lyes adatok kezel\u00e9s\u00e9t. Ezekben az esetekben csak t\u00e1rolnunk szabad az adatokat.<\/li>\n\n\n\n<li><strong>Tiltakoz\u00e1s a szem\u00e9lyes adatok kezel\u00e9se ellen:<\/strong>&nbsp;Tiltakozhat az \u00e9rintett a szem\u00e9lyes adatai kezel\u00e9se ellen, a saj\u00e1t helyzet\u00e9vel kapcsolatos okokb\u00f3l b\u00e1rmikor, ha jogos \u00e9rdeken alapul az adatkezel\u00e9s\u00fcnk. Ebben az esetben a szem\u00e9lyes adatokat nem kezelhetj\u00fck tov\u00e1bb, kiv\u00e9ve, ha bizony\u00edtjuk, hogy az adatkezel\u00e9st olyan k\u00e9nyszer\u00edt\u0151 erej\u0171 jogos okok indokolj\u00e1k, amelyek els\u0151bbs\u00e9get \u00e9lveznek az \u00e9rintett \u00e9rdekeivel, jogaival \u00e9s szabads\u00e1gaival szemben, vagy amelyek jogi ig\u00e9nyek el\u0151terjeszt\u00e9s\u00e9hez, \u00e9rv\u00e9nyes\u00edt\u00e9s\u00e9hez vagy v\u00e9delm\u00e9hez kapcsol\u00f3dnak.<\/li>\n\n\n\n<li><strong>Adathordozhat\u00f3s\u00e1g:<\/strong>&nbsp;Az automatiz\u00e1lt m\u00f3don kezelt szem\u00e9lyes adatok eset\u00e9n k\u00e9rhet\u0151, hogy a szem\u00e9lyes adatokat tagolt, sz\u00e9les k\u00f6rben haszn\u00e1lt, g\u00e9ppel olvashat\u00f3 form\u00e1tumban \u00e1tadjuk az \u00e9rintettnek, vagy elk\u00fcldj\u00fck egy m\u00e1sik adatkezel\u0151nek. Ezzel a joggal akkor lehet \u00e9lni, ha adatkezel\u00e9s\u00fcnk jogalapja a hozz\u00e1j\u00e1rul\u00e1s vagy a szerz\u0151d\u00e9s.<\/li>\n<\/ul>\n\n\n\n<h2 class=\"wp-block-heading\">PANASZ<\/h2>\n\n\n\n<p>A szem\u00e9lyes adatok kezel\u00e9s\u00e9vel kapcsolatos k\u00e9rd\u00e9seket, \u00e9szrev\u00e9teleket, panaszokat ezen az e-mail c\u00edmen v\u00e1rjuk:\u00a0<a href=\"mailto:pixelliberty\">pixel@pixelliberty.hu<\/a><\/p>\n\n\n\n<p>Lehet\u0151s\u00e9ge van adatainak v\u00e9delme \u00e9rdek\u00e9ben b\u00edr\u00f3s\u00e1ghoz fordulni, amely az \u00fcgyben soron k\u00edv\u00fcl j\u00e1r el. Ebben az esetben szabadon eld\u00f6ntheti, hogy a lak\u00f3helye (\u00e1lland\u00f3 lakc\u00edm) vagy a tart\u00f3zkod\u00e1si helye (ideiglenes lakc\u00edm) szerint illet\u00e9kes t\u00f6rv\u00e9nysz\u00e9kn\u00e9l ny\u00fajtja-e be kereset\u00e9t. A lak\u00f3helye vagy tart\u00f3zkod\u00e1si helye szerinti t\u00f6rv\u00e9nysz\u00e9ket megkeresheti a http:\/\/birosag.hu\/ugyfelkapcsolatiportal\/birosag-kereso oldalon. B\u00e1rmilyen szem\u00e9lyes adattal kapcsolatos panasszal, k\u00e9rd\u00e9ssel felkereshet\u0151 a Nemzeti Adatv\u00e9delmi \u00e9s Inform\u00e1ci\u00f3szabads\u00e1g Hat\u00f3s\u00e1g is, el\u00e9rhet\u0151s\u00e9geik: 1125 Budapest, Szil\u00e1gyi Erzs\u00e9bet fasor 22\/C; postac\u00edm: 1530 Budapest, Pf. 5.; www.naih.hu;ugyfelszolgalat@naih.hu<\/p>\n\n\n\n<p>Automatiz\u00e1lt d\u00f6nt\u00e9shozatal:<\/p>\n\n\n\n<p>Automatiz\u00e1lt d\u00f6nt\u00e9shozatali tev\u00e9kenys\u00e9get (bele\u00e9rtve a profilakot\u00e1st) nem folytatunk.<\/p>\n\n\n\n<p>Megfelel\u0151 biztons\u00e1g:<\/p>\n\n\n\n<p>A Biztons\u00e1gi rendszer\u00fcnk kialak\u00edt\u00e1sa sor\u00e1n figyelembe vett\u00fck a tudom\u00e1ny \u00e9s a technol\u00f3gia \u00e1ll\u00e1s\u00e1t, az adatkezel\u00e9s jelleg\u00e9t, hat\u00f3k\u00f6r\u00e9t, k\u00f6r\u00fclm\u00e9nyeit, c\u00e9ljait, \u00e9s a term\u00e9szetes szem\u00e9lyek jogaira \u00e9s szabads\u00e1gaira jelentett v\u00e1ltoz\u00f3 val\u00f3sz\u00edn\u0171s\u00e9g\u0171 \u00e9s s\u00falyoss\u00e1g\u00fa kock\u00e1zatot.<\/p>\n\n\n\n<p>Egy\u00e9b rendelkez\u00e9sek:<\/p>\n\n\n\n<p>T\u00e1j\u00e9koztat\u00f3nk 2020. m\u00e1rcius 31-\u00e9n l\u00e9p hat\u00e1lyba \u00e9s amint olyan \u00faj ir\u00e1nymutat\u00e1sok, \u00e1ll\u00e1sfoglal\u00e1sok, r\u00e9szletszab\u00e1lyok v\u00e1lnak ismertt\u00e9, amelyek miatt m\u00f3dos\u00edtanunk kell, fel\u00fclvizsg\u00e1ljuk a tartalmat.<\/p>\n\n\n\n<p>A t\u00e1j\u00e9koztat\u00f3ban nem r\u00e9szletezett k\u00e9rd\u00e9sekben ir\u00e1nyad\u00f3nak tekintett jogszab\u00e1ly: az Eur\u00f3pai Parlament \u00e9s Tan\u00e1cs (EU) 2016\/679 rendelete a term\u00e9szetes szem\u00e9lyeknek a szem\u00e9lyes adatok kezel\u00e9se tekintet\u00e9ben t\u00f6rt\u00e9n\u0151 v\u00e9delm\u00e9r\u0151l \u00e9s az ilyen adatok szabad \u00e1raml\u00e1s\u00e1r\u00f3l, valamint a 95\/46\/EK rendelet hat\u00e1lyon k\u00edv\u00fcl helyez\u00e9s\u00e9r\u0151l.<\/p>\n\n\n\n<div style=\"height:50px\" aria-hidden=\"true\" class=\"wp-block-spacer\"><\/div>\n\n\n\n<div class=\"wp-block-buttons is-content-justification-center is-layout-flex wp-container-core-buttons-is-layout-16018d1d wp-block-buttons-is-layout-flex\">\n<div class=\"wp-block-button\"><a class=\"wp-block-button__link wp-element-button\">vissza<\/a><\/div>\n<\/div>\n\n\n\n<div style=\"height:50px\" aria-hidden=\"true\" class=\"wp-block-spacer\"><\/div>\n","protected":false},"excerpt":{"rendered":"<p>Adatkezel\u00e9si t\u00e1j\u00e9koztat\u00f3 T\u00e1j\u00e9koztat\u00e1sunk a&nbsp;https:\/\/pixelliberty.hu&nbsp;weboldal m\u0171k\u00f6d\u00e9s\u00e9vel kapcsolatos adatkezel\u00e9si tev\u00e9kenys\u00e9geinkre terjed ki. Az adatkezel\u0151 Neve: Flow-Wolf Informatikai Korl\u00e1tolt Felel\u0151ss\u00e9g\u0171 T\u00e1rsas\u00e1g (Flow-Wolf Kft.) &#8230;<\/p>\n","protected":false},"author":1,"featured_media":0,"parent":0,"menu_order":0,"comment_status":"closed","ping_status":"open","template":"","meta":{"footnotes":""},"class_list":["post-3","page","type-page","status-publish","hentry"],"_links":{"self":[{"href":"https:\/\/pixelliberty.hu\/index.php?rest_route=\/wp\/v2\/pages\/3","targetHints":{"allow":["GET"]}}],"collection":[{"href":"https:\/\/pixelliberty.hu\/index.php?rest_route=\/wp\/v2\/pages"}],"about":[{"href":"https:\/\/pixelliberty.hu\/index.php?rest_route=\/wp\/v2\/types\/page"}],"author":[{"embeddable":true,"href":"https:\/\/pixelliberty.hu\/index.php?rest_route=\/wp\/v2\/users\/1"}],"replies":[{"embeddable":true,"href":"https:\/\/pixelliberty.hu\/index.php?rest_route=%2Fwp%2Fv2%2Fcomments&post=3"}],"version-history":[{"count":8,"href":"https:\/\/pixelliberty.hu\/index.php?rest_route=\/wp\/v2\/pages\/3\/revisions"}],"predecessor-version":[{"id":343,"href":"https:\/\/pixelliberty.hu\/index.php?rest_route=\/wp\/v2\/pages\/3\/revisions\/343"}],"wp:attachment":[{"href":"https:\/\/pixelliberty.hu\/index.php?rest_route=%2Fwp%2Fv2%2Fmedia&parent=3"}],"curies":[{"name":"wp","href":"https:\/\/api.w.org\/{rel}","templated":true}]}}